{"id":12,"date":"2020-03-05T22:30:47","date_gmt":"2020-03-05T21:30:47","guid":{"rendered":"http:\/\/www.villadjerba.be\/blog\/?page_id=12"},"modified":"2020-03-16T19:13:23","modified_gmt":"2020-03-16T18:13:23","slug":"une-section-de-page-daccueil","status":"publish","type":"page","link":"https:\/\/www.villadjerba.be\/blog\/index.php\/une-section-de-page-daccueil\/","title":{"rendered":"Sur le continent ( proche de l&rsquo;\u00eele de Djerba )"},"content":{"rendered":"\n<h2>Lac sal\u00e9<\/h2>\n\n\n\n<figure class=\"wp-block-gallery columns-2 is-cropped\"><ul class=\"blocks-gallery-grid\"><li class=\"blocks-gallery-item\"><figure><img loading=\"lazy\" width=\"1024\" height=\"768\" src=\"http:\/\/www.villadjerba.be\/blog\/wp-content\/uploads\/2020\/03\/douz-003-1024x768.jpg\" alt=\"plage\" data-id=\"45\" data-full-url=\"http:\/\/www.villadjerba.be\/blog\/wp-content\/uploads\/2020\/03\/douz-003-scaled.jpg\" data-link=\"http:\/\/www.villadjerba.be\/blog\/index.php\/a-propos-de\/douz-003\/\" class=\"wp-image-45\" srcset=\"https:\/\/www.villadjerba.be\/blog\/wp-content\/uploads\/2020\/03\/douz-003-1024x768.jpg 1024w, https:\/\/www.villadjerba.be\/blog\/wp-content\/uploads\/2020\/03\/douz-003-300x225.jpg 300w, https:\/\/www.villadjerba.be\/blog\/wp-content\/uploads\/2020\/03\/douz-003-768x576.jpg 768w, https:\/\/www.villadjerba.be\/blog\/wp-content\/uploads\/2020\/03\/douz-003-1536x1152.jpg 1536w, https:\/\/www.villadjerba.be\/blog\/wp-content\/uploads\/2020\/03\/douz-003-2048x1536.jpg 2048w\" sizes=\"(max-width: 767px) 89vw, (max-width: 1000px) 54vw, (max-width: 1071px) 543px, 580px\" \/><\/figure><\/li><li class=\"blocks-gallery-item\"><figure><img loading=\"lazy\" width=\"1024\" height=\"768\" src=\"http:\/\/www.villadjerba.be\/blog\/wp-content\/uploads\/2020\/03\/tozeur-001-1024x768.jpg\" alt=\"\" data-id=\"147\" data-full-url=\"http:\/\/www.villadjerba.be\/blog\/wp-content\/uploads\/2020\/03\/tozeur-001-scaled.jpg\" data-link=\"http:\/\/www.villadjerba.be\/blog\/tozeur-001\/\" class=\"wp-image-147\" srcset=\"https:\/\/www.villadjerba.be\/blog\/wp-content\/uploads\/2020\/03\/tozeur-001-1024x768.jpg 1024w, https:\/\/www.villadjerba.be\/blog\/wp-content\/uploads\/2020\/03\/tozeur-001-300x225.jpg 300w, https:\/\/www.villadjerba.be\/blog\/wp-content\/uploads\/2020\/03\/tozeur-001-768x576.jpg 768w, https:\/\/www.villadjerba.be\/blog\/wp-content\/uploads\/2020\/03\/tozeur-001-1536x1152.jpg 1536w, https:\/\/www.villadjerba.be\/blog\/wp-content\/uploads\/2020\/03\/tozeur-001-2048x1536.jpg 2048w\" sizes=\"(max-width: 767px) 89vw, (max-width: 1000px) 54vw, (max-width: 1071px) 543px, 580px\" \/><\/figure><\/li><\/ul><\/figure>\n\n\n\n<h2>Ksar soltane, Ksar Hadada ( grenier fortifi\u00e9 )<\/h2>\n\n\n\n<figure class=\"wp-block-gallery columns-2 is-cropped\"><ul class=\"blocks-gallery-grid\"><li class=\"blocks-gallery-item\"><figure><img loading=\"lazy\" width=\"1024\" height=\"768\" src=\"http:\/\/www.villadjerba.be\/blog\/wp-content\/uploads\/2020\/03\/douz-010-1024x768.jpg\" alt=\"grenier \u00e0 grains panorama\" data-id=\"46\" data-full-url=\"http:\/\/www.villadjerba.be\/blog\/wp-content\/uploads\/2020\/03\/douz-010-scaled.jpg\" data-link=\"http:\/\/www.villadjerba.be\/blog\/index.php\/a-propos-de\/douz-010\/\" class=\"wp-image-46\" srcset=\"https:\/\/www.villadjerba.be\/blog\/wp-content\/uploads\/2020\/03\/douz-010-1024x768.jpg 1024w, https:\/\/www.villadjerba.be\/blog\/wp-content\/uploads\/2020\/03\/douz-010-300x225.jpg 300w, https:\/\/www.villadjerba.be\/blog\/wp-content\/uploads\/2020\/03\/douz-010-768x576.jpg 768w, https:\/\/www.villadjerba.be\/blog\/wp-content\/uploads\/2020\/03\/douz-010-1536x1152.jpg 1536w, https:\/\/www.villadjerba.be\/blog\/wp-content\/uploads\/2020\/03\/douz-010-2048x1536.jpg 2048w\" sizes=\"(max-width: 767px) 89vw, (max-width: 1000px) 54vw, (max-width: 1071px) 543px, 580px\" \/><\/figure><\/li><li class=\"blocks-gallery-item\"><figure><img loading=\"lazy\" width=\"1024\" height=\"768\" src=\"http:\/\/www.villadjerba.be\/blog\/wp-content\/uploads\/2020\/03\/yvan-010-1024x768.jpg\" alt=\"village typique\" data-id=\"61\" data-full-url=\"http:\/\/www.villadjerba.be\/blog\/wp-content\/uploads\/2020\/03\/yvan-010-scaled.jpg\" data-link=\"http:\/\/www.villadjerba.be\/blog\/index.php\/a-propos-de\/yvan-010\/\" class=\"wp-image-61\" srcset=\"https:\/\/www.villadjerba.be\/blog\/wp-content\/uploads\/2020\/03\/yvan-010-1024x768.jpg 1024w, https:\/\/www.villadjerba.be\/blog\/wp-content\/uploads\/2020\/03\/yvan-010-300x225.jpg 300w, https:\/\/www.villadjerba.be\/blog\/wp-content\/uploads\/2020\/03\/yvan-010-768x576.jpg 768w, https:\/\/www.villadjerba.be\/blog\/wp-content\/uploads\/2020\/03\/yvan-010-1536x1152.jpg 1536w, https:\/\/www.villadjerba.be\/blog\/wp-content\/uploads\/2020\/03\/yvan-010-2048x1536.jpg 2048w\" sizes=\"(max-width: 767px) 89vw, (max-width: 1000px) 54vw, (max-width: 1071px) 543px, 580px\" \/><\/figure><\/li><\/ul><\/figure>\n\n\n\n<h2>Douiret ( village accroch\u00e9 \u00e0 la montagne )<\/h2>\n\n\n\n<figure class=\"wp-block-image size-large\"><img loading=\"lazy\" width=\"1024\" height=\"768\" src=\"http:\/\/www.villadjerba.be\/blog\/wp-content\/uploads\/2020\/03\/DSC00413-1-1024x768.jpg\" alt=\"village dans la montagne\" class=\"wp-image-48\" srcset=\"https:\/\/www.villadjerba.be\/blog\/wp-content\/uploads\/2020\/03\/DSC00413-1-1024x768.jpg 1024w, https:\/\/www.villadjerba.be\/blog\/wp-content\/uploads\/2020\/03\/DSC00413-1-300x225.jpg 300w, https:\/\/www.villadjerba.be\/blog\/wp-content\/uploads\/2020\/03\/DSC00413-1-768x576.jpg 768w, https:\/\/www.villadjerba.be\/blog\/wp-content\/uploads\/2020\/03\/DSC00413-1-1536x1152.jpg 1536w, https:\/\/www.villadjerba.be\/blog\/wp-content\/uploads\/2020\/03\/DSC00413-1-2048x1536.jpg 2048w\" sizes=\"(max-width: 767px) 89vw, (max-width: 1000px) 54vw, (max-width: 1071px) 543px, 580px\" \/><\/figure>\n\n\n\n<h2>Ksar ghilane  ( oasis d&rsquo;eau chaude dans le d\u00e9sert )<\/h2>\n\n\n\n<figure class=\"wp-block-image size-large\"><img loading=\"lazy\" width=\"1024\" height=\"768\" src=\"http:\/\/www.villadjerba.be\/blog\/wp-content\/uploads\/2020\/03\/jour7-017-1024x768.jpg\" alt=\"lac baignade\" class=\"wp-image-54\" srcset=\"https:\/\/www.villadjerba.be\/blog\/wp-content\/uploads\/2020\/03\/jour7-017-1024x768.jpg 1024w, https:\/\/www.villadjerba.be\/blog\/wp-content\/uploads\/2020\/03\/jour7-017-300x225.jpg 300w, https:\/\/www.villadjerba.be\/blog\/wp-content\/uploads\/2020\/03\/jour7-017-768x576.jpg 768w, https:\/\/www.villadjerba.be\/blog\/wp-content\/uploads\/2020\/03\/jour7-017-1536x1152.jpg 1536w, https:\/\/www.villadjerba.be\/blog\/wp-content\/uploads\/2020\/03\/jour7-017-2048x1536.jpg 2048w\" sizes=\"(max-width: 767px) 89vw, (max-width: 1000px) 54vw, (max-width: 1071px) 543px, 580px\" \/><\/figure>\n\n\n\n<h2>MatMata<\/h2>\n\n\n\n<figure class=\"wp-block-gallery columns-1 is-cropped\"><ul class=\"blocks-gallery-grid\"><li class=\"blocks-gallery-item\"><figure><img loading=\"lazy\" width=\"1024\" height=\"768\" src=\"http:\/\/www.villadjerba.be\/blog\/wp-content\/uploads\/2020\/03\/IMG_0357-1024x768.jpg\" alt=\"\" data-id=\"139\" data-full-url=\"http:\/\/www.villadjerba.be\/blog\/wp-content\/uploads\/2020\/03\/IMG_0357-scaled.jpg\" data-link=\"http:\/\/www.villadjerba.be\/blog\/index.php\/une-section-de-page-daccueil\/img_0357\/\" class=\"wp-image-139\" srcset=\"https:\/\/www.villadjerba.be\/blog\/wp-content\/uploads\/2020\/03\/IMG_0357-1024x768.jpg 1024w, https:\/\/www.villadjerba.be\/blog\/wp-content\/uploads\/2020\/03\/IMG_0357-300x225.jpg 300w, https:\/\/www.villadjerba.be\/blog\/wp-content\/uploads\/2020\/03\/IMG_0357-768x576.jpg 768w, https:\/\/www.villadjerba.be\/blog\/wp-content\/uploads\/2020\/03\/IMG_0357-1536x1152.jpg 1536w, https:\/\/www.villadjerba.be\/blog\/wp-content\/uploads\/2020\/03\/IMG_0357-2048x1536.jpg 2048w\" sizes=\"(max-width: 767px) 89vw, (max-width: 1000px) 54vw, (max-width: 1071px) 543px, 580px\" \/><\/figure><\/li><\/ul><\/figure>\n\n\n\n<h2>Tozeur<\/h2>\n\n\n\n<ul><li>ville<\/li><li>briquetterie<\/li><li>promenade en cal\u00e8che<\/li><li>la palmeraie<\/li><li>mus\u00e9e et parc chok wok ( entr\u00e9e 3\u20ac)<\/li><\/ul>\n\n\n\n<figure class=\"wp-block-gallery columns-2 is-cropped\"><ul class=\"blocks-gallery-grid\"><li class=\"blocks-gallery-item\"><figure><img loading=\"lazy\" width=\"1024\" height=\"768\" src=\"http:\/\/www.villadjerba.be\/blog\/wp-content\/uploads\/2020\/03\/DSC00537-1024x768.jpg\" alt=\"briqueterie\" data-id=\"49\" data-full-url=\"http:\/\/www.villadjerba.be\/blog\/wp-content\/uploads\/2020\/03\/DSC00537-scaled.jpg\" data-link=\"http:\/\/www.villadjerba.be\/blog\/index.php\/a-propos-de\/dsc00537\/\" class=\"wp-image-49\" srcset=\"https:\/\/www.villadjerba.be\/blog\/wp-content\/uploads\/2020\/03\/DSC00537-1024x768.jpg 1024w, https:\/\/www.villadjerba.be\/blog\/wp-content\/uploads\/2020\/03\/DSC00537-300x225.jpg 300w, https:\/\/www.villadjerba.be\/blog\/wp-content\/uploads\/2020\/03\/DSC00537-768x576.jpg 768w, https:\/\/www.villadjerba.be\/blog\/wp-content\/uploads\/2020\/03\/DSC00537-1536x1152.jpg 1536w, https:\/\/www.villadjerba.be\/blog\/wp-content\/uploads\/2020\/03\/DSC00537-2048x1536.jpg 2048w\" sizes=\"(max-width: 767px) 89vw, (max-width: 1000px) 54vw, (max-width: 1071px) 543px, 580px\" \/><\/figure><\/li><li class=\"blocks-gallery-item\"><figure><img loading=\"lazy\" width=\"1024\" height=\"768\" src=\"http:\/\/www.villadjerba.be\/blog\/wp-content\/uploads\/2020\/03\/DSC00539-1024x768.jpg\" alt=\"for\u00eat\" data-id=\"50\" data-full-url=\"http:\/\/www.villadjerba.be\/blog\/wp-content\/uploads\/2020\/03\/DSC00539-scaled.jpg\" data-link=\"http:\/\/www.villadjerba.be\/blog\/index.php\/a-propos-de\/dsc00539\/\" class=\"wp-image-50\" srcset=\"https:\/\/www.villadjerba.be\/blog\/wp-content\/uploads\/2020\/03\/DSC00539-1024x768.jpg 1024w, https:\/\/www.villadjerba.be\/blog\/wp-content\/uploads\/2020\/03\/DSC00539-300x225.jpg 300w, https:\/\/www.villadjerba.be\/blog\/wp-content\/uploads\/2020\/03\/DSC00539-768x576.jpg 768w, https:\/\/www.villadjerba.be\/blog\/wp-content\/uploads\/2020\/03\/DSC00539-1536x1152.jpg 1536w, https:\/\/www.villadjerba.be\/blog\/wp-content\/uploads\/2020\/03\/DSC00539-2048x1536.jpg 2048w\" sizes=\"(max-width: 767px) 89vw, (max-width: 1000px) 54vw, (max-width: 1071px) 543px, 580px\" \/><\/figure><\/li><\/ul><\/figure>\n\n\n\n<h2>Chebika   ( cascade )<\/h2>\n\n\n\n<figure class=\"wp-block-gallery columns-1 is-cropped\"><ul class=\"blocks-gallery-grid\"><li class=\"blocks-gallery-item\"><figure><img loading=\"lazy\" width=\"1024\" height=\"768\" src=\"http:\/\/www.villadjerba.be\/blog\/wp-content\/uploads\/2020\/03\/tozeur-009_reduit-1024x768.jpg\" alt=\"\" data-id=\"149\" data-full-url=\"http:\/\/www.villadjerba.be\/blog\/wp-content\/uploads\/2020\/03\/tozeur-009_reduit-scaled.jpg\" data-link=\"http:\/\/www.villadjerba.be\/blog\/tozeur-009_reduit\/\" class=\"wp-image-149\" srcset=\"https:\/\/www.villadjerba.be\/blog\/wp-content\/uploads\/2020\/03\/tozeur-009_reduit-1024x768.jpg 1024w, https:\/\/www.villadjerba.be\/blog\/wp-content\/uploads\/2020\/03\/tozeur-009_reduit-300x225.jpg 300w, https:\/\/www.villadjerba.be\/blog\/wp-content\/uploads\/2020\/03\/tozeur-009_reduit-768x576.jpg 768w, https:\/\/www.villadjerba.be\/blog\/wp-content\/uploads\/2020\/03\/tozeur-009_reduit-1536x1152.jpg 1536w, https:\/\/www.villadjerba.be\/blog\/wp-content\/uploads\/2020\/03\/tozeur-009_reduit-2048x1536.jpg 2048w\" sizes=\"(max-width: 767px) 89vw, (max-width: 1000px) 54vw, (max-width: 1071px) 543px, 580px\" \/><\/figure><\/li><\/ul><\/figure>\n\n\n\n<h2>Nefta ( corbeille de palmiers ) + ( tournage de star wars)<\/h2>\n\n\n\n<figure class=\"wp-block-gallery columns-2 is-cropped\"><ul class=\"blocks-gallery-grid\"><li class=\"blocks-gallery-item\"><figure><img loading=\"lazy\" width=\"1024\" height=\"768\" src=\"http:\/\/www.villadjerba.be\/blog\/wp-content\/uploads\/2020\/03\/IMG_0407-1024x768.jpg\" alt=\"\" data-id=\"140\" data-full-url=\"http:\/\/www.villadjerba.be\/blog\/wp-content\/uploads\/2020\/03\/IMG_0407-scaled.jpg\" data-link=\"http:\/\/www.villadjerba.be\/blog\/index.php\/une-section-de-page-daccueil\/img_0407\/\" class=\"wp-image-140\" srcset=\"https:\/\/www.villadjerba.be\/blog\/wp-content\/uploads\/2020\/03\/IMG_0407-1024x768.jpg 1024w, https:\/\/www.villadjerba.be\/blog\/wp-content\/uploads\/2020\/03\/IMG_0407-300x225.jpg 300w, https:\/\/www.villadjerba.be\/blog\/wp-content\/uploads\/2020\/03\/IMG_0407-768x576.jpg 768w, https:\/\/www.villadjerba.be\/blog\/wp-content\/uploads\/2020\/03\/IMG_0407-1536x1152.jpg 1536w, https:\/\/www.villadjerba.be\/blog\/wp-content\/uploads\/2020\/03\/IMG_0407-2048x1536.jpg 2048w\" sizes=\"(max-width: 767px) 89vw, (max-width: 1000px) 54vw, (max-width: 1071px) 543px, 580px\" \/><\/figure><\/li><li class=\"blocks-gallery-item\"><figure><img loading=\"lazy\" width=\"1024\" height=\"768\" src=\"http:\/\/www.villadjerba.be\/blog\/wp-content\/uploads\/2020\/03\/7-avril-djerba-017-1024x768.jpg\" alt=\"star wars\" data-id=\"33\" data-full-url=\"http:\/\/www.villadjerba.be\/blog\/wp-content\/uploads\/2020\/03\/7-avril-djerba-017-scaled.jpg\" data-link=\"http:\/\/www.villadjerba.be\/blog\/index.php\/a-propos-de\/7-avril-djerba-017\/\" class=\"wp-image-33\" srcset=\"https:\/\/www.villadjerba.be\/blog\/wp-content\/uploads\/2020\/03\/7-avril-djerba-017-1024x768.jpg 1024w, https:\/\/www.villadjerba.be\/blog\/wp-content\/uploads\/2020\/03\/7-avril-djerba-017-300x225.jpg 300w, https:\/\/www.villadjerba.be\/blog\/wp-content\/uploads\/2020\/03\/7-avril-djerba-017-768x576.jpg 768w, https:\/\/www.villadjerba.be\/blog\/wp-content\/uploads\/2020\/03\/7-avril-djerba-017-1536x1152.jpg 1536w, https:\/\/www.villadjerba.be\/blog\/wp-content\/uploads\/2020\/03\/7-avril-djerba-017-2048x1536.jpg 2048w\" sizes=\"(max-width: 767px) 89vw, (max-width: 1000px) 54vw, (max-width: 1071px) 543px, 580px\" \/><\/figure><\/li><\/ul><\/figure>\n\n\n\n<h2>Tamerza ( les 2 cascades )<\/h2>\n\n\n\n<figure class=\"wp-block-gallery columns-2 is-cropped\"><ul class=\"blocks-gallery-grid\"><li class=\"blocks-gallery-item\"><figure><img loading=\"lazy\" width=\"1024\" height=\"768\" src=\"http:\/\/www.villadjerba.be\/blog\/wp-content\/uploads\/2020\/03\/tozeur-019-1024x768.jpg\" alt=\"cascade 4\" data-id=\"60\" data-full-url=\"http:\/\/www.villadjerba.be\/blog\/wp-content\/uploads\/2020\/03\/tozeur-019-scaled.jpg\" data-link=\"http:\/\/www.villadjerba.be\/blog\/index.php\/a-propos-de\/tozeur-019\/\" class=\"wp-image-60\" srcset=\"https:\/\/www.villadjerba.be\/blog\/wp-content\/uploads\/2020\/03\/tozeur-019-1024x768.jpg 1024w, https:\/\/www.villadjerba.be\/blog\/wp-content\/uploads\/2020\/03\/tozeur-019-300x225.jpg 300w, https:\/\/www.villadjerba.be\/blog\/wp-content\/uploads\/2020\/03\/tozeur-019-768x576.jpg 768w, https:\/\/www.villadjerba.be\/blog\/wp-content\/uploads\/2020\/03\/tozeur-019-1536x1152.jpg 1536w, https:\/\/www.villadjerba.be\/blog\/wp-content\/uploads\/2020\/03\/tozeur-019-2048x1536.jpg 2048w\" sizes=\"(max-width: 767px) 89vw, (max-width: 1000px) 54vw, (max-width: 1071px) 543px, 580px\" \/><\/figure><\/li><li class=\"blocks-gallery-item\"><figure><img loading=\"lazy\" width=\"1024\" height=\"768\" src=\"http:\/\/www.villadjerba.be\/blog\/wp-content\/uploads\/2020\/03\/tozeur-012-1024x768.jpg\" alt=\"cascade 3\" data-id=\"59\" data-full-url=\"http:\/\/www.villadjerba.be\/blog\/wp-content\/uploads\/2020\/03\/tozeur-012-scaled.jpg\" data-link=\"http:\/\/www.villadjerba.be\/blog\/index.php\/a-propos-de\/tozeur-012\/\" class=\"wp-image-59\" srcset=\"https:\/\/www.villadjerba.be\/blog\/wp-content\/uploads\/2020\/03\/tozeur-012-1024x768.jpg 1024w, https:\/\/www.villadjerba.be\/blog\/wp-content\/uploads\/2020\/03\/tozeur-012-300x225.jpg 300w, https:\/\/www.villadjerba.be\/blog\/wp-content\/uploads\/2020\/03\/tozeur-012-768x576.jpg 768w, https:\/\/www.villadjerba.be\/blog\/wp-content\/uploads\/2020\/03\/tozeur-012-1536x1152.jpg 1536w, https:\/\/www.villadjerba.be\/blog\/wp-content\/uploads\/2020\/03\/tozeur-012-2048x1536.jpg 2048w\" sizes=\"(max-width: 767px) 89vw, (max-width: 1000px) 54vw, (max-width: 1071px) 543px, 580px\" \/><\/figure><\/li><\/ul><\/figure>\n\n\n\n<h2>Mides ( le plus grand canyon d&rsquo;Afrique )<\/h2>\n\n\n\n<figure class=\"wp-block-gallery columns-2 is-cropped\"><ul class=\"blocks-gallery-grid\"><li class=\"blocks-gallery-item\"><figure><img loading=\"lazy\" width=\"1024\" height=\"768\" src=\"http:\/\/www.villadjerba.be\/blog\/wp-content\/uploads\/2020\/03\/yvan-115-1024x768.jpg\" alt=\"canyon 2\" data-id=\"64\" data-full-url=\"http:\/\/www.villadjerba.be\/blog\/wp-content\/uploads\/2020\/03\/yvan-115-scaled.jpg\" data-link=\"http:\/\/www.villadjerba.be\/blog\/index.php\/a-propos-de\/yvan-115\/\" class=\"wp-image-64\" srcset=\"https:\/\/www.villadjerba.be\/blog\/wp-content\/uploads\/2020\/03\/yvan-115-1024x768.jpg 1024w, https:\/\/www.villadjerba.be\/blog\/wp-content\/uploads\/2020\/03\/yvan-115-300x225.jpg 300w, https:\/\/www.villadjerba.be\/blog\/wp-content\/uploads\/2020\/03\/yvan-115-768x576.jpg 768w, https:\/\/www.villadjerba.be\/blog\/wp-content\/uploads\/2020\/03\/yvan-115-1536x1152.jpg 1536w, https:\/\/www.villadjerba.be\/blog\/wp-content\/uploads\/2020\/03\/yvan-115-2048x1536.jpg 2048w\" sizes=\"(max-width: 767px) 89vw, (max-width: 1000px) 54vw, (max-width: 1071px) 543px, 580px\" \/><\/figure><\/li><li class=\"blocks-gallery-item\"><figure><img loading=\"lazy\" width=\"1024\" height=\"768\" src=\"http:\/\/www.villadjerba.be\/blog\/wp-content\/uploads\/2020\/03\/yvan-108-1024x768.jpg\" alt=\"canyon\" data-id=\"63\" data-full-url=\"http:\/\/www.villadjerba.be\/blog\/wp-content\/uploads\/2020\/03\/yvan-108-scaled.jpg\" data-link=\"http:\/\/www.villadjerba.be\/blog\/index.php\/a-propos-de\/yvan-108\/\" class=\"wp-image-63\" srcset=\"https:\/\/www.villadjerba.be\/blog\/wp-content\/uploads\/2020\/03\/yvan-108-1024x768.jpg 1024w, https:\/\/www.villadjerba.be\/blog\/wp-content\/uploads\/2020\/03\/yvan-108-300x225.jpg 300w, https:\/\/www.villadjerba.be\/blog\/wp-content\/uploads\/2020\/03\/yvan-108-768x576.jpg 768w, https:\/\/www.villadjerba.be\/blog\/wp-content\/uploads\/2020\/03\/yvan-108-1536x1152.jpg 1536w, https:\/\/www.villadjerba.be\/blog\/wp-content\/uploads\/2020\/03\/yvan-108-2048x1536.jpg 2048w\" sizes=\"(max-width: 767px) 89vw, (max-width: 1000px) 54vw, (max-width: 1071px) 543px, 580px\" \/><\/figure><\/li><\/ul><\/figure>\n\n\n\n<h2>La piste de Rommel ( Redeyef )<\/h2>\n\n\n\n<figure class=\"wp-block-gallery columns-2 is-cropped\"><ul class=\"blocks-gallery-grid\"><li class=\"blocks-gallery-item\"><figure><img loading=\"lazy\" width=\"1024\" height=\"768\" src=\"http:\/\/www.villadjerba.be\/blog\/wp-content\/uploads\/2020\/03\/tozeur-027_reduit-1024x768.jpg\" alt=\"\" data-id=\"146\" data-full-url=\"http:\/\/www.villadjerba.be\/blog\/wp-content\/uploads\/2020\/03\/tozeur-027_reduit-scaled.jpg\" data-link=\"http:\/\/www.villadjerba.be\/blog\/tozeur-027_reduit\/\" class=\"wp-image-146\" srcset=\"https:\/\/www.villadjerba.be\/blog\/wp-content\/uploads\/2020\/03\/tozeur-027_reduit-1024x768.jpg 1024w, https:\/\/www.villadjerba.be\/blog\/wp-content\/uploads\/2020\/03\/tozeur-027_reduit-300x225.jpg 300w, https:\/\/www.villadjerba.be\/blog\/wp-content\/uploads\/2020\/03\/tozeur-027_reduit-768x576.jpg 768w, https:\/\/www.villadjerba.be\/blog\/wp-content\/uploads\/2020\/03\/tozeur-027_reduit-1536x1152.jpg 1536w, https:\/\/www.villadjerba.be\/blog\/wp-content\/uploads\/2020\/03\/tozeur-027_reduit-2048x1536.jpg 2048w\" sizes=\"(max-width: 767px) 89vw, (max-width: 1000px) 54vw, (max-width: 1071px) 543px, 580px\" \/><\/figure><\/li><li class=\"blocks-gallery-item\"><figure><img loading=\"lazy\" width=\"1024\" height=\"768\" src=\"http:\/\/www.villadjerba.be\/blog\/wp-content\/uploads\/2020\/03\/tozeur-011-1024x768.jpg\" alt=\"d\u00e9sert\" data-id=\"58\" data-full-url=\"http:\/\/www.villadjerba.be\/blog\/wp-content\/uploads\/2020\/03\/tozeur-011-scaled.jpg\" data-link=\"http:\/\/www.villadjerba.be\/blog\/index.php\/a-propos-de\/tozeur-011\/\" class=\"wp-image-58\" srcset=\"https:\/\/www.villadjerba.be\/blog\/wp-content\/uploads\/2020\/03\/tozeur-011-1024x768.jpg 1024w, https:\/\/www.villadjerba.be\/blog\/wp-content\/uploads\/2020\/03\/tozeur-011-300x225.jpg 300w, https:\/\/www.villadjerba.be\/blog\/wp-content\/uploads\/2020\/03\/tozeur-011-768x576.jpg 768w, https:\/\/www.villadjerba.be\/blog\/wp-content\/uploads\/2020\/03\/tozeur-011-1536x1152.jpg 1536w, https:\/\/www.villadjerba.be\/blog\/wp-content\/uploads\/2020\/03\/tozeur-011-2048x1536.jpg 2048w\" sizes=\"(max-width: 767px) 89vw, (max-width: 1000px) 54vw, (max-width: 1071px) 543px, 580px\" \/><\/figure><\/li><\/ul><\/figure>\n","protected":false},"excerpt":{"rendered":"<p>Lac sal\u00e9 Ksar soltane, Ksar Hadada ( grenier fortifi\u00e9 ) Douiret ( village accroch\u00e9 \u00e0 la montagne ) Ksar ghilane ( oasis d&rsquo;eau chaude dans le d\u00e9sert ) MatMata Tozeur ville briquetterie promenade en cal\u00e8che la palmeraie mus\u00e9e et parc chok wok ( entr\u00e9e 3\u20ac) Chebika ( cascade ) Nefta ( corbeille de palmiers ) &hellip; <\/p>\n<p class=\"link-more\"><a href=\"https:\/\/www.villadjerba.be\/blog\/index.php\/une-section-de-page-daccueil\/\" class=\"more-link\">Continuer la lecture<span class=\"screen-reader-text\"> de &laquo;&nbsp;Sur le continent ( proche de l&rsquo;\u00eele de Djerba )&nbsp;&raquo;<\/span><\/a><\/p>\n","protected":false},"author":1,"featured_media":0,"parent":0,"menu_order":0,"comment_status":"closed","ping_status":"closed","template":"","meta":[],"_links":{"self":[{"href":"https:\/\/www.villadjerba.be\/blog\/index.php\/wp-json\/wp\/v2\/pages\/12"}],"collection":[{"href":"https:\/\/www.villadjerba.be\/blog\/index.php\/wp-json\/wp\/v2\/pages"}],"about":[{"href":"https:\/\/www.villadjerba.be\/blog\/index.php\/wp-json\/wp\/v2\/types\/page"}],"author":[{"embeddable":true,"href":"https:\/\/www.villadjerba.be\/blog\/index.php\/wp-json\/wp\/v2\/users\/1"}],"replies":[{"embeddable":true,"href":"https:\/\/www.villadjerba.be\/blog\/index.php\/wp-json\/wp\/v2\/comments?post=12"}],"version-history":[{"count":21,"href":"https:\/\/www.villadjerba.be\/blog\/index.php\/wp-json\/wp\/v2\/pages\/12\/revisions"}],"predecessor-version":[{"id":160,"href":"https:\/\/www.villadjerba.be\/blog\/index.php\/wp-json\/wp\/v2\/pages\/12\/revisions\/160"}],"wp:attachment":[{"href":"https:\/\/www.villadjerba.be\/blog\/index.php\/wp-json\/wp\/v2\/media?parent=12"}],"curies":[{"name":"wp","href":"https:\/\/api.w.org\/{rel}","templated":true}]}}